{"id":37,"date":"2011-12-03T20:54:11","date_gmt":"2011-12-03T19:54:11","guid":{"rendered":"\/?page_id=37"},"modified":"2020-12-21T14:34:27","modified_gmt":"2020-12-21T14:34:27","slug":"rozvoj-parku","status":"publish","type":"page","link":"https:\/\/parkpravikov.cz\/es\/parky-studii-a-reflexe\/rozvoj-parku\/","title":{"rendered":"Rozvoj Parku"},"content":{"rendered":"<div data-elementor-type=\"wp-page\" data-elementor-id=\"37\" class=\"elementor elementor-37\" data-elementor-settings=\"[]\">\r\n\t\t\t\t\t\t<div class=\"elementor-inner\">\r\n\t\t\t\t\t\t\t<div class=\"elementor-section-wrap\">\r\n\t\t\t\t\t\t\t<section class=\"elementor-section elementor-top-section elementor-element elementor-element-0e29aa1 elementor-section-boxed elementor-section-height-default elementor-section-height-default\" data-id=\"0e29aa1\" data-element_type=\"section\">\r\n\t\t\t\t\t\t<div class=\"elementor-container elementor-column-gap-default\">\r\n\t\t\t\t\t\t\t<div class=\"elementor-row\">\r\n\t\t\t\t\t<div class=\"elementor-column elementor-col-100 elementor-top-column elementor-element elementor-element-6c2f1a0\" data-id=\"6c2f1a0\" data-element_type=\"column\">\r\n\t\t\t<div class=\"elementor-column-wrap elementor-element-populated\">\r\n\t\t\t\t\t\t\t<div class=\"elementor-widget-wrap\">\r\n\t\t\t\t\t\t<div class=\"elementor-element elementor-element-e2ca5f0 elementor-widget elementor-widget-heading\" data-id=\"e2ca5f0\" data-element_type=\"widget\" data-widget_type=\"heading.default\">\r\n\t\t\t\t<div class=\"elementor-widget-container\">\r\n\t\t\t<h2 class=\"elementor-heading-title elementor-size-default\">Rozvoj Parku<\/h2>\t\t<\/div>\r\n\t\t\t\t<\/div>\r\n\t\t\t\t\t\t<\/div>\r\n\t\t\t\t\t<\/div>\r\n\t\t<\/div>\r\n\t\t\t\t\t\t\t\t<\/div>\r\n\t\t\t\t\t<\/div>\r\n\t\t<\/section>\r\n\t\t\t\t<section class=\"elementor-section elementor-top-section elementor-element elementor-element-39861358 elementor-section-boxed elementor-section-height-default elementor-section-height-default\" data-id=\"39861358\" data-element_type=\"section\">\r\n\t\t\t\t\t\t<div class=\"elementor-container elementor-column-gap-default\">\r\n\t\t\t\t\t\t\t<div class=\"elementor-row\">\r\n\t\t\t\t\t<div class=\"elementor-column elementor-col-100 elementor-top-column elementor-element elementor-element-7585ead5\" data-id=\"7585ead5\" data-element_type=\"column\">\r\n\t\t\t<div class=\"elementor-column-wrap elementor-element-populated\">\r\n\t\t\t\t\t\t\t<div class=\"elementor-widget-wrap\">\r\n\t\t\t\t\t\t<div class=\"elementor-element elementor-element-b0acc12 elementor-widget elementor-widget-text-editor\" data-id=\"b0acc12\" data-element_type=\"widget\" data-widget_type=\"text-editor.default\">\r\n\t\t\t\t<div class=\"elementor-widget-container\">\r\n\t\t\t\t\t\t\t\t<div class=\"elementor-text-editor elementor-clearfix\">\r\n\t\t\t\t<p><strong><span style=\"font-size: large;\">CENTRUM STUDI\u00cd<\/span><br \/><\/strong><\/p><p><em><a href=\"https:\/\/parkpravikov.cz\/es\/parky-studii-a-reflexe\/rozvoj-parku\/cs-studium\/\" rel=\"attachment wp-att-2020\"><img loading=\"lazy\" class=\"alignright size-medium wp-image-2020\" src=\"\/wp-content\/uploads\/2011\/12\/cs-studium-270x106.png\" alt=\"\" width=\"270\" height=\"106\" \/><\/a>Centrum studi\u00ed je z\u00e1zem\u00edm pro studium a v\u00fdzkum \u010dlov\u011bka \u2013 jeho historie, v\u00fdvoje a rozvoje lidsk\u00e9ho v\u011bdom\u00ed. <\/em><\/p><p><em>Je m\u00edstem p\u016fsoben\u00ed \u0160koly, m\u00edstem inspirace a gravita\u010dn\u00edm st\u0159edem pro Mistry \u0160koly, kte\u0159\u00ed se staraj\u00ed o rozvoj Parku a jejich\u017e posl\u00e1n\u00edm je posilov\u00e1n\u00ed hlubok\u00e9 vnit\u0159n\u00ed zku\u0161enosti a pr\u00e1ce na objevov\u00e1n\u00ed nov\u00fdch prostor\u016f mysli. <\/em><\/p><p><strong><a href=\"https:\/\/parkpravikov.cz\/es\/parky-studii-a-reflexe\/rozvoj-parku\/cs-3\/\" rel=\"attachment wp-att-2023\"><img loading=\"lazy\" class=\"alignleft size-medium wp-image-2023\" src=\"\/wp-content\/uploads\/2011\/12\/CS-3-270x180.jpg\" alt=\"\" width=\"270\" height=\"180\" \/><\/a><\/strong><em>Zde nach\u00e1zej\u00ed ty nejlep\u0161\u00ed podm\u00ednky pro studium, prohlouben\u00ed sv\u00e9ho v\u00fdzkumu a meditace. Mohou zde tr\u00e1vit libovoln\u011b dlouhou dobu o samot\u011b nebo sv\u00e9 z\u00e1\u017eitky, zku\u0161enosti a pokroky sd\u00edlet s ostatn\u00edmi.<\/em><\/p><p><strong>V\u0161echny Parky ve sv\u011bt\u011b jsou postaveny a funguj\u00ed d\u00edky lidem<\/strong>. Jsou nez\u00e1visl\u00e9 na st\u00e1tu, organizac\u00edch \u010di soukrom\u00fdch firm\u00e1ch.<\/p><p>Rekonstrukce domu, ve kter\u00e9m bude Centrum studi\u00ed a dal\u0161\u00ed ubytovac\u00ed prostory pro ji\u017e funguj\u00edc\u00ed Centrum pr\u00e1ce, <a href=\"https:\/\/parkpravikov.cz\/es\/media\/galerie\/?kpgp=2&amp;album=RekonstrukceCentraStudiiPrvniKrok\/\">za\u010dala v\u00a0l\u00e9t\u011b 2013<\/a>. Hlavn\u00ed pr\u00e1ce jsou ale teprve v\u00a0pl\u00e1nu a budou postupovat podle mo\u017enost\u00ed.<\/p><p><a href=\"https:\/\/parkpravikov.cz\/es\/parky-studii-a-reflexe\/rozvoj-parku\/centrum-studii_01-2\/\" rel=\"attachment wp-att-2021\"><img loading=\"lazy\" class=\"alignnone size-large wp-image-2021\" src=\"\/wp-content\/uploads\/2011\/12\/centrum-studii_01-584x307.jpg\" alt=\"\" width=\"584\" height=\"307\" \/><\/a><\/p><p>Prvn\u00ed f\u00e1ze rekonstrukce bude obn\u00e1\u0161et dokon\u010den\u00ed hrub\u00e9 stavby: vybour\u00e1n\u00ed a p\u0159estav\u011bn\u00ed \u010d\u00e1st\u00ed obvodov\u00e9 zdi, vybetonov\u00e1n\u00ed \u010d\u00e1sti z\u00e1klad\u016f, vybetonov\u00e1n\u00ed \u017eelezobetonov\u00e9ho v\u011bnce, v\u00fdm\u011bna st\u0159e\u0161n\u00ed krytiny, ztu\u017een\u00ed krovu; kanalizace, vodovod, betonov\u00e1 podlaha.<\/p><p><strong>Mo\u017enost\u00ed jak se zapojit<\/strong> do kampan\u011b je n\u011bkolik:<\/p><ul><li><strong>finan\u010dn\u011b p\u0159isp\u011bt<\/strong> \u2013\u00a0\u010d\u00edslo transparentn\u00edho \u00fa\u010dtu, na kter\u00fd m\u016f\u017eete pos\u00edlat sv\u00e9 p\u0159\u00edsp\u011bvky, je:\u00a0<strong>2500074734\/2010<\/strong>. Aktu\u00e1ln\u00ed stav \u00fa\u010dtu si m\u016f\u017eete prohl\u00e9dnout\u00a0<a href=\"https:\/\/www.fio.cz\/scgi-bin\/hermes\/dz-transparent.cgi?ID_ucet=2500074734\">zde<\/a>. Jak\u00e1koli \u010d\u00e1stka, kterou se rozhodnete v\u011bnovat, je d\u016fle\u017eit\u00e1 pro existenci a rozvoj Parku studi\u00ed a reflexe Prav\u00edkov a je p\u0159ijata s velkou vd\u011b\u010dnost\u00ed.<\/li><li><strong>darovat\/nab\u00eddnout slevu na materi\u00e1l<\/strong> \u2013 pot\u0159eba je: beton, hydroizola\u010dn\u00ed f\u00f3lie (Fatrafol 803), cihly a p\u0159eklady HELUZ, podst\u0159e\u0161n\u00ed f\u00f3lie (Jutafol D), st\u0159e\u0161n\u00ed krytina (Ruukki monterrey standard)<\/li><li><strong>darovat\/nab\u00eddnout slevu na odborn\u00e9 pr\u00e1ce<\/strong><\/li><li><strong>zapojit se do akc\u00ed organizovan\u00fdch v\u00a0r\u00e1mci kampan\u011b<\/strong> \u2013 aktu\u00e1ln\u00ed informace budou v\u017edy zde na webu<\/li><li><strong>\u0161\u00ed\u0159it informace<\/strong> o kampani a o Parku Prav\u00edkov<\/li><li>jak\u00e9koli dal\u0161\u00ed n\u00e1pady jak podpo\u0159it kampa\u0148 pro Centrum studi\u00ed jsou v\u00edt\u00e1ny!<\/li><\/ul><p><a href=\"https:\/\/parkpravikov.cz\/es\/parky-studii-a-reflexe\/rozvoj-parku\/centrum-studii_08\/\" rel=\"attachment wp-att-2026\"><img loading=\"lazy\" class=\"alignnone size-large wp-image-2026\" src=\"\/wp-content\/uploads\/2011\/12\/centrum-studii_08-584x399.jpg\" alt=\"\" width=\"584\" height=\"399\" \/><\/a><\/p>\t\t\t\t\t<\/div>\r\n\t\t\t\t\t\t<\/div>\r\n\t\t\t\t<\/div>\r\n\t\t\t\t\t\t<\/div>\r\n\t\t\t\t\t<\/div>\r\n\t\t<\/div>\r\n\t\t\t\t\t\t\t\t<\/div>\r\n\t\t\t\t\t<\/div>\r\n\t\t<\/section>\r\n\t\t\t\t\t\t<\/div>\r\n\t\t\t\t\t\t<\/div>\r\n\t\t\t\t\t<\/div>","protected":false},"excerpt":{"rendered":"<p>Rozvoj Parku CENTRUM STUDI\u00cd Centrum studi\u00ed je z\u00e1zem\u00edm pro studium a v\u00fdzkum \u010dlov\u011bka \u2013 jeho historie, v\u00fdvoje a rozvoje lidsk\u00e9ho v\u011bdom\u00ed. Je m\u00edstem p\u016fsoben\u00ed \u0160koly, m\u00edstem inspirace a gravita\u010dn\u00edm st\u0159edem pro Mistry \u0160koly, kte\u0159\u00ed se staraj\u00ed o rozvoj Parku a jejich\u017e posl\u00e1n\u00edm je posilov\u00e1n\u00ed hlubok\u00e9 vnit\u0159n\u00ed zku\u0161enosti a pr\u00e1ce na objevov\u00e1n\u00ed nov\u00fdch prostor\u016f mysli. Zde [&hellip;]<\/p>","protected":false},"author":1,"featured_media":0,"parent":47,"menu_order":0,"comment_status":"closed","ping_status":"closed","template":"","meta":[],"_links":{"self":[{"href":"https:\/\/parkpravikov.cz\/es\/wp-json\/wp\/v2\/pages\/37"}],"collection":[{"href":"https:\/\/parkpravikov.cz\/es\/wp-json\/wp\/v2\/pages"}],"about":[{"href":"https:\/\/parkpravikov.cz\/es\/wp-json\/wp\/v2\/types\/page"}],"author":[{"embeddable":true,"href":"https:\/\/parkpravikov.cz\/es\/wp-json\/wp\/v2\/users\/1"}],"replies":[{"embeddable":true,"href":"https:\/\/parkpravikov.cz\/es\/wp-json\/wp\/v2\/comments?post=37"}],"version-history":[{"count":24,"href":"https:\/\/parkpravikov.cz\/es\/wp-json\/wp\/v2\/pages\/37\/revisions"}],"predecessor-version":[{"id":3370,"href":"https:\/\/parkpravikov.cz\/es\/wp-json\/wp\/v2\/pages\/37\/revisions\/3370"}],"up":[{"embeddable":true,"href":"https:\/\/parkpravikov.cz\/es\/wp-json\/wp\/v2\/pages\/47"}],"wp:attachment":[{"href":"https:\/\/parkpravikov.cz\/es\/wp-json\/wp\/v2\/media?parent=37"}],"curies":[{"name":"wp","href":"https:\/\/api.w.org\/{rel}","templated":true}]}}