{"id":4705,"date":"2023-03-30T10:27:12","date_gmt":"2023-03-30T10:27:12","guid":{"rendered":"http:\/\/parkpravikov.cz\/?page_id=4705"},"modified":"2023-04-05T16:16:48","modified_gmt":"2023-04-05T16:16:48","slug":"silanenasili","status":"publish","type":"page","link":"http:\/\/parkpravikov.cz\/es\/silanenasili\/","title":{"rendered":"S\u00edla nen\u00e1sil\u00ed"},"content":{"rendered":"<h2 class=\"has-text-align-center\">2.dubna, vezm\u011bme m\u00edr do sv\u00fdch rukou.<\/h2>\n\n\n\n<figure class=\"wp-block-image size-large\"><img loading=\"lazy\" width=\"1024\" height=\"1024\" src=\"http:\/\/parkpravikov.cz\/wp-content\/uploads\/2023\/03\/WhatsApp-Image-2023-03-26-at-20.40.04-1024x1024.jpeg\" alt=\"\" class=\"wp-image-4709\" srcset=\"http:\/\/parkpravikov.cz\/wp-content\/uploads\/2023\/03\/WhatsApp-Image-2023-03-26-at-20.40.04-1024x1024.jpeg 1024w, http:\/\/parkpravikov.cz\/wp-content\/uploads\/2023\/03\/WhatsApp-Image-2023-03-26-at-20.40.04-300x300.jpeg 300w, http:\/\/parkpravikov.cz\/wp-content\/uploads\/2023\/03\/WhatsApp-Image-2023-03-26-at-20.40.04-150x150.jpeg 150w, http:\/\/parkpravikov.cz\/wp-content\/uploads\/2023\/03\/WhatsApp-Image-2023-03-26-at-20.40.04-768x768.jpeg 768w, http:\/\/parkpravikov.cz\/wp-content\/uploads\/2023\/03\/WhatsApp-Image-2023-03-26-at-20.40.04-12x12.jpeg 12w, http:\/\/parkpravikov.cz\/wp-content\/uploads\/2023\/03\/WhatsApp-Image-2023-03-26-at-20.40.04.jpeg 1417w\" sizes=\"(max-width: 1024px) 100vw, 1024px\" \/><\/figure>\n\n\n\n<p>,,Vypn\u011bme televizi a v\u0161echny soci\u00e1ln\u00ed s\u00edt\u011b, vypn\u011bme v\u00e1le\u010dnou propagandu a filtrovan\u00e9 a zmanipulovan\u00e9 informace. M\u00edsto toho se zapojme do p\u0159\u00edm\u00e9 komunikace s lidmi kolem n\u00e1s a zorganizujme aktivity pro m\u00edr: setk\u00e1n\u00ed, demonstraci, flashmob, m\u00edrovou vlajku na balkon\u011b nebo v aut\u011b, meditaci nebo modlitbu v souladu se sv\u00fdm n\u00e1bo\u017eenstv\u00edm nebo ateismem a jakoukoli jinou aktivitu zam\u011b\u0159enou na m\u00edr. Sjednot\u00edme se tak v jeden den s ve\u0161ker\u00fdm bohatstv\u00edm a silou rozmanitosti. Ji\u017e 3. dubna zaplav\u00edme soci\u00e1ln\u00ed s\u00edt\u011b p\u0159\u00edb\u011bhem na\u0161ich iniciativ: na\u0161imi po\u017eadavky, fotografiemi, vzkazy a videi. Na\u0161e budoucnost z\u00e1vis\u00ed na rozhodnut\u00edch, kter\u00e1 u\u010din\u00edme dnes\u201c, Evropa za m\u00edr. #<strong>EuropeForPeace<\/strong><\/p>\n\n\n\n<p><a href=\"http:\/\/europeforpeace.eu\" target=\"_blank\" rel=\"noreferrer noopener\">europeforpeace.eu<\/a><\/p>\n\n\n\n<h2 class=\"has-text-align-center\">Online kampa\u0148 PO\u0160LI d\u00e1l LASKAVOST<\/h2>\n\n\n\n<h4>2.dubna &#8211; 1. kv\u011btna 2023<\/h4>\n\n\n\n<p>Uve\u010fme spole\u010dn\u011b laskavost do sv\u00e9ho \u017eivota a po\u0161leme ji d\u00e1l. Dne\u0161n\u00ed usp\u011bchan\u00e1 doba nep\u0159eje tomu, abychom se v klidu zastavili a spojili se se sebou sam\u00fdmi. Ub\u00fdv\u00e1 n\u00e1m prostoru na to, abychom pe\u010dovali o vztahy s na\u0161imi bl\u00edzk\u00fdmi. Sv\u011bt okolo mus\u00edme vn\u00edmat jen povrchn\u011b, abychom p\u0159ede\u0161li zahlcen\u00ed.<br>Poj\u010fme tohle spole\u010dn\u011b zm\u011bnit. Zkusme vn\u00edmat sebe, na\u0161e bl\u00edzk\u00e9 okol\u00ed i to, co n\u00e1s obklopuje. Ud\u011blejme n\u011bco dobr\u00e9ho \u2013 a\u0165 u\u017e pro sebe \u010di pro druh\u00e9. M\u016f\u017ee to b\u00fdt drobnost \u2013 a\u0165 u\u017e se jednou rozhodnete j\u00edt d\u0159\u00edve sp\u00e1t, abyste na\u010derpali energii pro sebe sama, zavol\u00e1te kamar\u00e1dovi, se kter\u00fdm jste se dlouho nesly\u0161eli, nebo v\u011bnujete kolemjdouc\u00edmu \u010dlov\u011bku \u00fasm\u011bv.<br><strong>P\u0159ipojte se k na\u0161\u00ed v\u00fdzv\u011b \u2013 zkuste b\u011bhem 30 dn\u00ed vykonat laskavost (pro sebe \u010di pro druh\u00e9), sd\u00edlejte svoji zku\u0161enost pod #poslilaskavost a po\u0161lete tuhle v\u00fdzvu d\u00e1l.<\/strong><\/p>\n\n\n\n<figure class=\"wp-block-image size-full\"><img loading=\"lazy\" width=\"1024\" height=\"395\" src=\"http:\/\/parkpravikov.cz\/wp-content\/uploads\/2023\/03\/silanenasili.jpg\" alt=\"\" class=\"wp-image-4710\" srcset=\"http:\/\/parkpravikov.cz\/wp-content\/uploads\/2023\/03\/silanenasili.jpg 1024w, http:\/\/parkpravikov.cz\/wp-content\/uploads\/2023\/03\/silanenasili-300x116.jpg 300w, http:\/\/parkpravikov.cz\/wp-content\/uploads\/2023\/03\/silanenasili-768x296.jpg 768w, http:\/\/parkpravikov.cz\/wp-content\/uploads\/2023\/03\/silanenasili-18x7.jpg 18w\" sizes=\"(max-width: 1024px) 100vw, 1024px\" \/><\/figure>\n\n\n\n<h2 class=\"has-text-align-center\">2.\u0159\u00edjna 2023 Mezin\u00e1rodn\u00ed den nen\u00e1sil\u00ed<\/h2>\n\n\n\n<h4 class=\"has-text-align-left\">ned\u011ble 1. \u0159\u00edjna 2023 Festival aktivn\u00edho nen\u00e1sil\u00ed<\/h4>\n\n\n\n<ul><li>Jak m\u016f\u017ee pomoci aktivn\u00ed nen\u00e1sil\u00ed v sou\u010dasn\u00e9 situaci?<\/li><li>Je sv\u011bt bez v\u00e1lek a n\u00e1sil\u00ed mo\u017en\u00fd?<\/li><li>Kde nach\u00e1zet vnit\u0159n\u00ed motivaci v bl\u00edzkosti konflikt\u016f?<\/li><li>Jak b\u00fdt t\u00edm, kdo p\u0159in\u00e1\u0161\u00ed p\u0159edstavy a tvo\u0159\u00ed budoucnost?<\/li><\/ul>\n\n\n\n<p>P\u0159ipravujeme akce v r\u00e1mci tohoto dne, ale je mo\u017en\u00e9, \u017ee se akce rozrostou i na t\u00fdden nebo na masov\u00e9 hnut\u00ed. Chcete u toho b\u00fdt s n\u00e1mi? Zanechte n\u00e1m na sebe kontakt a my se v\u00e1m ozveme. <\/p>\n\n\n\n<blockquote class=\"wp-block-quote\"><p><em>Zm\u011bnou, kterou hled\u00e1me ve sv\u011bt\u011b, se mus\u00edme st\u00e1t my sami. Mah\u00e1tma G\u00e1ndh\u00ed<\/em><\/p><\/blockquote>\n\n\n\n<iframe loading=\"lazy\" src=\"https:\/\/docs.google.com\/forms\/d\/e\/1FAIpQLSeN2p6jtl3RkdyP53r3ZESXNflk-1zVOkOZ7yE8VdaOLhsQMw\/viewform?embedded=true\" width=\"640\" height=\"865\" frameborder=\"0\" marginheight=\"0\" marginwidth=\"0\">Loading\u2026<\/iframe>\n\n\n\n<p><\/p>","protected":false},"excerpt":{"rendered":"<p>2.dubna, vezm\u011bme m\u00edr do sv\u00fdch rukou. ,,Vypn\u011bme televizi a v\u0161echny soci\u00e1ln\u00ed s\u00edt\u011b, vypn\u011bme v\u00e1le\u010dnou propagandu a filtrovan\u00e9 a zmanipulovan\u00e9 informace. M\u00edsto toho se zapojme do p\u0159\u00edm\u00e9 komunikace s lidmi kolem n\u00e1s a zorganizujme aktivity pro m\u00edr: setk\u00e1n\u00ed, demonstraci, flashmob, m\u00edrovou vlajku na balkon\u011b nebo v aut\u011b, meditaci nebo modlitbu v souladu se sv\u00fdm n\u00e1bo\u017eenstv\u00edm nebo [&hellip;]<\/p>","protected":false},"author":9,"featured_media":4709,"parent":0,"menu_order":0,"comment_status":"closed","ping_status":"closed","template":"elementor_theme","meta":[],"_links":{"self":[{"href":"http:\/\/parkpravikov.cz\/es\/wp-json\/wp\/v2\/pages\/4705"}],"collection":[{"href":"http:\/\/parkpravikov.cz\/es\/wp-json\/wp\/v2\/pages"}],"about":[{"href":"http:\/\/parkpravikov.cz\/es\/wp-json\/wp\/v2\/types\/page"}],"author":[{"embeddable":true,"href":"http:\/\/parkpravikov.cz\/es\/wp-json\/wp\/v2\/users\/9"}],"replies":[{"embeddable":true,"href":"http:\/\/parkpravikov.cz\/es\/wp-json\/wp\/v2\/comments?post=4705"}],"version-history":[{"count":9,"href":"http:\/\/parkpravikov.cz\/es\/wp-json\/wp\/v2\/pages\/4705\/revisions"}],"predecessor-version":[{"id":4723,"href":"http:\/\/parkpravikov.cz\/es\/wp-json\/wp\/v2\/pages\/4705\/revisions\/4723"}],"wp:featuredmedia":[{"embeddable":true,"href":"http:\/\/parkpravikov.cz\/es\/wp-json\/wp\/v2\/media\/4709"}],"wp:attachment":[{"href":"http:\/\/parkpravikov.cz\/es\/wp-json\/wp\/v2\/media?parent=4705"}],"curies":[{"name":"wp","href":"https:\/\/api.w.org\/{rel}","templated":true}]}}