{"id":47,"date":"2011-12-03T20:59:53","date_gmt":"2011-12-03T19:59:53","guid":{"rendered":"\/?page_id=47"},"modified":"2021-06-09T01:18:38","modified_gmt":"2021-06-09T01:18:38","slug":"parky-studii-a-reflexe","status":"publish","type":"page","link":"http:\/\/parkpravikov.cz\/es\/parky-studii-a-reflexe\/","title":{"rendered":"Parques de estudio y reflexi\u00f3n"},"content":{"rendered":"<div data-elementor-type=\"wp-page\" data-elementor-id=\"47\" class=\"elementor elementor-47\" data-elementor-settings=\"[]\">\r\n\t\t\t\t\t\t<div class=\"elementor-inner\">\r\n\t\t\t\t\t\t\t<div class=\"elementor-section-wrap\">\r\n\t\t\t\t\t\t\t<section class=\"elementor-section elementor-top-section elementor-element elementor-element-2d22596 elementor-section-boxed elementor-section-height-default elementor-section-height-default\" data-id=\"2d22596\" data-element_type=\"section\">\r\n\t\t\t\t\t\t<div class=\"elementor-container elementor-column-gap-default\">\r\n\t\t\t\t\t\t\t<div class=\"elementor-row\">\r\n\t\t\t\t\t<div class=\"elementor-column elementor-col-100 elementor-top-column elementor-element elementor-element-3fbb5da\" data-id=\"3fbb5da\" data-element_type=\"column\">\r\n\t\t\t<div class=\"elementor-column-wrap elementor-element-populated\">\r\n\t\t\t\t\t\t\t<div class=\"elementor-widget-wrap\">\r\n\t\t\t\t\t\t<div class=\"elementor-element elementor-element-579ab28 elementor-widget elementor-widget-heading\" data-id=\"579ab28\" data-element_type=\"widget\" data-widget_type=\"heading.default\">\r\n\t\t\t\t<div class=\"elementor-widget-container\">\r\n\t\t\t<h2 class=\"elementor-heading-title elementor-size-default\">Parques de estudio y reflexi\u00f3n<\/h2>\t\t<\/div>\r\n\t\t\t\t<\/div>\r\n\t\t\t\t\t\t<\/div>\r\n\t\t\t\t\t<\/div>\r\n\t\t<\/div>\r\n\t\t\t\t\t\t\t\t<\/div>\r\n\t\t\t\t\t<\/div>\r\n\t\t<\/section>\r\n\t\t\t\t<section class=\"elementor-section elementor-top-section elementor-element elementor-element-33398ab elementor-section-boxed elementor-section-height-default elementor-section-height-default\" data-id=\"33398ab\" data-element_type=\"section\">\r\n\t\t\t\t\t\t<div class=\"elementor-container elementor-column-gap-default\">\r\n\t\t\t\t\t\t\t<div class=\"elementor-row\">\r\n\t\t\t\t\t<div class=\"elementor-column elementor-col-100 elementor-top-column elementor-element elementor-element-9984cdf\" data-id=\"9984cdf\" data-element_type=\"column\">\r\n\t\t\t<div class=\"elementor-column-wrap elementor-element-populated\">\r\n\t\t\t\t\t\t\t<div class=\"elementor-widget-wrap\">\r\n\t\t\t\t\t\t<div class=\"elementor-element elementor-element-ff7cd0a elementor-widget elementor-widget-text-editor\" data-id=\"ff7cd0a\" data-element_type=\"widget\" data-widget_type=\"text-editor.default\">\r\n\t\t\t\t<div class=\"elementor-widget-container\">\r\n\t\t\t\t\t\t\t\t<div class=\"elementor-text-editor elementor-clearfix\">\r\n\t\t\t\t<p>Parky studi\u00ed a reflexe jsou m\u00edstem pro v\u0161echny, kte\u0159\u00ed se cht\u011bj\u00ed v dne\u0161n\u00ed hektick\u00e9\u00a0dob\u011b zastavit, zam\u00fd\u0161let se a hledat odpov\u011bdi na ot\u00e1zky o smyslu \u017eivota,\u00a0p\u0159ekon\u00e1n\u00ed bolesti a utrpen\u00ed, o budoucnosti\u2026 Jsou to m\u00edsta setk\u00e1v\u00e1n\u00ed a kontaktu\u00a0s t\u00edm nejlep\u0161\u00edm v n\u00e1s a s t\u00edm nejlep\u0161\u00edm v ostatn\u00edch. Jsou to m\u00edsta ur\u010den\u00e1\u00a0k zamy\u0161len\u00ed, ale tak\u00e9 ke studiu a rozvoji \u010dlov\u011bka a nen\u00e1siln\u00e9 humanistick\u00e9\u00a0citlivosti a kultury.<\/p><p>Tyto Parky studi\u00ed jsou otev\u0159eny jednotlivc\u016fm i organizac\u00edm bez ohledu na\u00a0n\u00e1bo\u017eenstv\u00ed, vyzn\u00e1n\u00ed, kulturu\u2026 Jedn\u00e1 se m\u00edsta pro setk\u00e1v\u00e1n\u00ed r\u016fzn\u00fdch kultur a p\u0159esv\u011bd\u010den\u00ed, neziskov\u00fdch iniciativ sm\u011b\u0159uj\u00edc\u00edch\u00a0k vytvo\u0159en\u00ed nen\u00e1siln\u00e9 citlivosti a tak\u00e9 pro relaxaci,\u00a0studium a duchovn\u00ed rozvoj.<\/p><p>V prostor\u00e1ch Park\u016f prob\u00edhaj\u00ed semin\u00e1\u0159e, workshopy, kurzy, setk\u00e1n\u00ed, konference\u00a0nebo kulturn\u00ed ud\u00e1losti jako festivaly a slavnosti, mohou zde vznikat kulturn\u00ed\u00a0a um\u011bleck\u00e9 produkce. Je to m\u00edsto vhodn\u00e9 pro sebepozn\u00e1v\u00e1n\u00ed ka\u017ed\u00e9ho \u010dlov\u011bka.<\/p><p>Jde o mezin\u00e1rodn\u00ed projekt, kter\u00fd m\u00e1 za c\u00edl vytvo\u0159it obdobn\u00e1 m\u00edsta po cel\u00e9m\u00a0sv\u011bt\u011b a vz\u00e1jemn\u011b je mezi sebou propojit a vytvo\u0159it tak centra nov\u00e9 nen\u00e1siln\u00e9\u00a0citlivosti a kultury.<\/p>\t\t\t\t\t<\/div>\r\n\t\t\t\t\t\t<\/div>\r\n\t\t\t\t<\/div>\r\n\t\t\t\t\t\t<\/div>\r\n\t\t\t\t\t<\/div>\r\n\t\t<\/div>\r\n\t\t\t\t\t\t\t\t<\/div>\r\n\t\t\t\t\t<\/div>\r\n\t\t<\/section>\r\n\t\t\t\t<section class=\"elementor-section elementor-top-section elementor-element elementor-element-7ce95943 elementor-section-content-middle elementor-section-boxed elementor-section-height-default elementor-section-height-default\" data-id=\"7ce95943\" data-element_type=\"section\">\r\n\t\t\t\t\t\t<div class=\"elementor-container elementor-column-gap-no\">\r\n\t\t\t\t\t\t\t<div class=\"elementor-row\">\r\n\t\t\t\t\t<div class=\"elementor-column elementor-col-100 elementor-top-column elementor-element elementor-element-4cf04d2f\" data-id=\"4cf04d2f\" data-element_type=\"column\">\r\n\t\t\t<div class=\"elementor-column-wrap elementor-element-populated\">\r\n\t\t\t\t\t\t\t<div class=\"elementor-widget-wrap\">\r\n\t\t\t\t\t\t<div class=\"elementor-element elementor-element-240e1236 elementor-widget elementor-widget-heading\" data-id=\"240e1236\" data-element_type=\"widget\" data-widget_type=\"heading.default\">\r\n\t\t\t\t<div class=\"elementor-widget-container\">\r\n\t\t\t<h2 class=\"elementor-heading-title elementor-size-default\">V\u0161echny Parky maj\u00ed n\u011bkolik spole\u010dn\u00fdch symbolick\u00fdch prvk\u016f a budov:<\/h2>\t\t<\/div>\r\n\t\t\t\t<\/div>\r\n\t\t\t\t<section class=\"elementor-section elementor-inner-section elementor-element elementor-element-181310ec elementor-section-content-middle elementor-section-boxed elementor-section-height-default elementor-section-height-default\" data-id=\"181310ec\" data-element_type=\"section\">\r\n\t\t\t\t\t\t<div class=\"elementor-container elementor-column-gap-no\">\r\n\t\t\t\t\t\t\t<div class=\"elementor-row\">\r\n\t\t\t\t\t<div class=\"elementor-column elementor-col-50 elementor-inner-column elementor-element elementor-element-51c2862c\" data-id=\"51c2862c\" data-element_type=\"column\">\r\n\t\t\t<div class=\"elementor-column-wrap elementor-element-populated\">\r\n\t\t\t\t\t\t\t<div class=\"elementor-widget-wrap\">\r\n\t\t\t\t\t\t<div class=\"elementor-element elementor-element-a6e19a elementor-widget elementor-widget-image\" data-id=\"a6e19a\" data-element_type=\"widget\" data-widget_type=\"image.default\">\r\n\t\t\t\t<div class=\"elementor-widget-container\">\r\n\t\t\t\t\t\t\t\t<div class=\"elementor-image\">\r\n\t\t\t\t\t\t\t\t\t\t\t\t<img width=\"800\" height=\"533\" src=\"http:\/\/parkpravikov.cz\/wp-content\/uploads\/2020\/11\/IMG_7395.jpg\" class=\"attachment-large size-large\" alt=\"\" loading=\"lazy\" srcset=\"http:\/\/parkpravikov.cz\/wp-content\/uploads\/2020\/11\/IMG_7395.jpg 800w, http:\/\/parkpravikov.cz\/wp-content\/uploads\/2020\/11\/IMG_7395-300x200.jpg 300w, http:\/\/parkpravikov.cz\/wp-content\/uploads\/2020\/11\/IMG_7395-768x512.jpg 768w\" sizes=\"(max-width: 800px) 100vw, 800px\" \/>\t\t\t\t\t\t\t\t\t\t\t\t\t\t<\/div>\r\n\t\t\t\t\t\t<\/div>\r\n\t\t\t\t<\/div>\r\n\t\t\t\t\t\t<\/div>\r\n\t\t\t\t\t<\/div>\r\n\t\t<\/div>\r\n\t\t\t\t<div class=\"elementor-column elementor-col-50 elementor-inner-column elementor-element elementor-element-7c680e23\" data-id=\"7c680e23\" data-element_type=\"column\">\r\n\t\t\t<div class=\"elementor-column-wrap elementor-element-populated\">\r\n\t\t\t\t\t\t\t<div class=\"elementor-widget-wrap\">\r\n\t\t\t\t\t\t<div class=\"elementor-element elementor-element-11fd86fb elementor-widget elementor-widget-heading\" data-id=\"11fd86fb\" data-element_type=\"widget\" data-widget_type=\"heading.default\">\r\n\t\t\t\t<div class=\"elementor-widget-container\">\r\n\t\t\t<h2 class=\"elementor-heading-title elementor-size-default\">VSTUPN\u00cd BR\u00c1NA<\/h2>\t\t<\/div>\r\n\t\t\t\t<\/div>\r\n\t\t\t\t<div class=\"elementor-element elementor-element-194d4f82 elementor-widget elementor-widget-text-editor\" data-id=\"194d4f82\" data-element_type=\"widget\" data-widget_type=\"text-editor.default\">\r\n\t\t\t\t<div class=\"elementor-widget-container\">\r\n\t\t\t\t\t\t\t\t<div class=\"elementor-text-editor elementor-clearfix\">\r\n\t\t\t\t<p>Kdy\u017e se projde br\u00e1nou, vkro\u010d\u00ed se do jin\u00e9ho prost\u0159ed\u00ed. Vstupn\u00ed br\u00e1na symbolizuje hranici mezi ka\u017edodenn\u00edm \u017eivotem a m\u00edstem ur\u010den\u00fdm ke studiu a reflexi, odd\u011bluje prostor vn\u011bj\u0161\u00edho sv\u011bta a ten intimity domova, prostor hluku a ticha, prostor ka\u017edodenn\u00edho \u017eivota a prostor poklidu a meditace.<\/p>\t\t\t\t\t<\/div>\r\n\t\t\t\t\t\t<\/div>\r\n\t\t\t\t<\/div>\r\n\t\t\t\t\t\t<\/div>\r\n\t\t\t\t\t<\/div>\r\n\t\t<\/div>\r\n\t\t\t\t\t\t\t\t<\/div>\r\n\t\t\t\t\t<\/div>\r\n\t\t<\/section>\r\n\t\t\t\t<section class=\"elementor-section elementor-inner-section elementor-element elementor-element-51193755 elementor-section-content-middle elementor-reverse-mobile elementor-section-boxed elementor-section-height-default elementor-section-height-default\" data-id=\"51193755\" data-element_type=\"section\">\r\n\t\t\t\t\t\t<div class=\"elementor-container elementor-column-gap-no\">\r\n\t\t\t\t\t\t\t<div class=\"elementor-row\">\r\n\t\t\t\t\t<div class=\"elementor-column elementor-col-50 elementor-inner-column elementor-element elementor-element-2d55b8cd\" data-id=\"2d55b8cd\" data-element_type=\"column\">\r\n\t\t\t<div class=\"elementor-column-wrap elementor-element-populated\">\r\n\t\t\t\t\t\t\t<div class=\"elementor-widget-wrap\">\r\n\t\t\t\t\t\t<div class=\"elementor-element elementor-element-fbe66dc elementor-widget elementor-widget-heading\" data-id=\"fbe66dc\" data-element_type=\"widget\" data-widget_type=\"heading.default\">\r\n\t\t\t\t<div class=\"elementor-widget-container\">\r\n\t\t\t<h2 class=\"elementor-heading-title elementor-size-default\">MONOLIT<\/h2>\t\t<\/div>\r\n\t\t\t\t<\/div>\r\n\t\t\t\t<div class=\"elementor-element elementor-element-732cda13 elementor-widget elementor-widget-text-editor\" data-id=\"732cda13\" data-element_type=\"widget\" data-widget_type=\"text-editor.default\">\r\n\t\t\t\t<div class=\"elementor-widget-container\">\r\n\t\t\t\t\t\t\t\t<div class=\"elementor-text-editor elementor-clearfix\">\r\n\t\t\t\t<p>V r\u016fzn\u00fdch kultur\u00e1ch ji\u017e v historii vznikaly monolity coby symboly spojen\u00ed zem\u011b s nebem. A to v\u017edy z materi\u00e1l\u016f vypov\u00eddaj\u00edc\u00ed o dob\u011b jejich vzniku. Sou\u010dasn\u00fd monolit v Parku je vyroben z nerezov\u00e9 oceli, aby odpov\u00eddal sou\u010dasn\u00e9 dob\u011b. Uprost\u0159ed je vyryto datum, kdy byl konkr\u00e9tn\u00ed Park otev\u0159en.<\/p>\t\t\t\t\t<\/div>\r\n\t\t\t\t\t\t<\/div>\r\n\t\t\t\t<\/div>\r\n\t\t\t\t\t\t<\/div>\r\n\t\t\t\t\t<\/div>\r\n\t\t<\/div>\r\n\t\t\t\t<div class=\"elementor-column elementor-col-50 elementor-inner-column elementor-element elementor-element-737f056e\" data-id=\"737f056e\" data-element_type=\"column\">\r\n\t\t\t<div class=\"elementor-column-wrap elementor-element-populated\">\r\n\t\t\t\t\t\t\t<div class=\"elementor-widget-wrap\">\r\n\t\t\t\t\t\t<div class=\"elementor-element elementor-element-9df18f7 elementor-widget elementor-widget-image\" data-id=\"9df18f7\" data-element_type=\"widget\" data-widget_type=\"image.default\">\r\n\t\t\t\t<div class=\"elementor-widget-container\">\r\n\t\t\t\t\t\t\t\t<div class=\"elementor-image\">\r\n\t\t\t\t\t\t\t\t\t\t\t\t<img width=\"800\" height=\"533\" src=\"http:\/\/parkpravikov.cz\/wp-content\/uploads\/2021\/02\/Chaka.jpg\" class=\"attachment-large size-large\" alt=\"\" loading=\"lazy\" srcset=\"http:\/\/parkpravikov.cz\/wp-content\/uploads\/2021\/02\/Chaka.jpg 1000w, http:\/\/parkpravikov.cz\/wp-content\/uploads\/2021\/02\/Chaka-300x200.jpg 300w, http:\/\/parkpravikov.cz\/wp-content\/uploads\/2021\/02\/Chaka-768x511.jpg 768w, http:\/\/parkpravikov.cz\/wp-content\/uploads\/2021\/02\/Chaka-16x12.jpg 16w\" sizes=\"(max-width: 800px) 100vw, 800px\" \/>\t\t\t\t\t\t\t\t\t\t\t\t\t\t<\/div>\r\n\t\t\t\t\t\t<\/div>\r\n\t\t\t\t<\/div>\r\n\t\t\t\t\t\t<\/div>\r\n\t\t\t\t\t<\/div>\r\n\t\t<\/div>\r\n\t\t\t\t\t\t\t\t<\/div>\r\n\t\t\t\t\t<\/div>\r\n\t\t<\/section>\r\n\t\t\t\t<section class=\"elementor-section elementor-inner-section elementor-element elementor-element-9201a23 elementor-section-content-middle elementor-section-boxed elementor-section-height-default elementor-section-height-default\" data-id=\"9201a23\" data-element_type=\"section\">\r\n\t\t\t\t\t\t<div class=\"elementor-container elementor-column-gap-no\">\r\n\t\t\t\t\t\t\t<div class=\"elementor-row\">\r\n\t\t\t\t\t<div class=\"elementor-column elementor-col-50 elementor-inner-column elementor-element elementor-element-f963b2c\" data-id=\"f963b2c\" data-element_type=\"column\">\r\n\t\t\t<div class=\"elementor-column-wrap elementor-element-populated\">\r\n\t\t\t\t\t\t\t<div class=\"elementor-widget-wrap\">\r\n\t\t\t\t\t\t<div class=\"elementor-element elementor-element-b9f55b5 elementor-widget elementor-widget-image\" data-id=\"b9f55b5\" data-element_type=\"widget\" data-widget_type=\"image.default\">\r\n\t\t\t\t<div class=\"elementor-widget-container\">\r\n\t\t\t\t\t\t\t\t<div class=\"elementor-image\">\r\n\t\t\t\t\t\t\t\t\t\t\t\t<img width=\"800\" height=\"450\" src=\"http:\/\/parkpravikov.cz\/wp-content\/uploads\/2021\/02\/Carcarana.jpg\" class=\"attachment-large size-large\" alt=\"\" loading=\"lazy\" srcset=\"http:\/\/parkpravikov.cz\/wp-content\/uploads\/2021\/02\/Carcarana.jpg 1000w, http:\/\/parkpravikov.cz\/wp-content\/uploads\/2021\/02\/Carcarana-300x169.jpg 300w, http:\/\/parkpravikov.cz\/wp-content\/uploads\/2021\/02\/Carcarana-768x432.jpg 768w, http:\/\/parkpravikov.cz\/wp-content\/uploads\/2021\/02\/Carcarana-16x9.jpg 16w\" sizes=\"(max-width: 800px) 100vw, 800px\" \/>\t\t\t\t\t\t\t\t\t\t\t\t\t\t<\/div>\r\n\t\t\t\t\t\t<\/div>\r\n\t\t\t\t<\/div>\r\n\t\t\t\t\t\t<\/div>\r\n\t\t\t\t\t<\/div>\r\n\t\t<\/div>\r\n\t\t\t\t<div class=\"elementor-column elementor-col-50 elementor-inner-column elementor-element elementor-element-603842f\" data-id=\"603842f\" data-element_type=\"column\">\r\n\t\t\t<div class=\"elementor-column-wrap elementor-element-populated\">\r\n\t\t\t\t\t\t\t<div class=\"elementor-widget-wrap\">\r\n\t\t\t\t\t\t<div class=\"elementor-element elementor-element-74156b0 elementor-widget elementor-widget-heading\" data-id=\"74156b0\" data-element_type=\"widget\" data-widget_type=\"heading.default\">\r\n\t\t\t\t<div class=\"elementor-widget-container\">\r\n\t\t\t<h2 class=\"elementor-heading-title elementor-size-default\">S\u00c1L<\/h2>\t\t<\/div>\r\n\t\t\t\t<\/div>\r\n\t\t\t\t<div class=\"elementor-element elementor-element-ee7fc3f elementor-widget elementor-widget-text-editor\" data-id=\"ee7fc3f\" data-element_type=\"widget\" data-widget_type=\"text-editor.default\">\r\n\t\t\t\t<div class=\"elementor-widget-container\">\r\n\t\t\t\t\t\t\t\t<div class=\"elementor-text-editor elementor-clearfix\">\r\n\t\t\t\t<p>Prostor ve tvaru polokoule bez jak\u00fdchkoliv ru\u0161iv\u00fdch element\u016f, symbol\u016f \u010di znak\u016f. Symbolizuje kontakt s n\u011b\u010d\u00edm hlubok\u00fdm, vnit\u0159n\u00edm a univerz\u00e1ln\u00edm, co se skr\u00fdv\u00e1 v ka\u017ed\u00e9m \u010dlov\u011bku.<\/p>\t\t\t\t\t<\/div>\r\n\t\t\t\t\t\t<\/div>\r\n\t\t\t\t<\/div>\r\n\t\t\t\t\t\t<\/div>\r\n\t\t\t\t\t<\/div>\r\n\t\t<\/div>\r\n\t\t\t\t\t\t\t\t<\/div>\r\n\t\t\t\t\t<\/div>\r\n\t\t<\/section>\r\n\t\t\t\t<section class=\"elementor-section elementor-inner-section elementor-element elementor-element-ce22400 elementor-section-content-middle elementor-reverse-mobile elementor-section-boxed elementor-section-height-default elementor-section-height-default\" data-id=\"ce22400\" data-element_type=\"section\">\r\n\t\t\t\t\t\t<div class=\"elementor-container elementor-column-gap-no\">\r\n\t\t\t\t\t\t\t<div class=\"elementor-row\">\r\n\t\t\t\t\t<div class=\"elementor-column elementor-col-50 elementor-inner-column elementor-element elementor-element-3ba05df\" data-id=\"3ba05df\" data-element_type=\"column\">\r\n\t\t\t<div class=\"elementor-column-wrap elementor-element-populated\">\r\n\t\t\t\t\t\t\t<div class=\"elementor-widget-wrap\">\r\n\t\t\t\t\t\t<div class=\"elementor-element elementor-element-e97d907 elementor-widget elementor-widget-heading\" data-id=\"e97d907\" data-element_type=\"widget\" data-widget_type=\"heading.default\">\r\n\t\t\t\t<div class=\"elementor-widget-container\">\r\n\t\t\t<h2 class=\"elementor-heading-title elementor-size-default\">FONT\u00c1NA<\/h2>\t\t<\/div>\r\n\t\t\t\t<\/div>\r\n\t\t\t\t<div class=\"elementor-element elementor-element-36a619c elementor-widget elementor-widget-text-editor\" data-id=\"36a619c\" data-element_type=\"widget\" data-widget_type=\"text-editor.default\">\r\n\t\t\t\t<div class=\"elementor-widget-container\">\r\n\t\t\t\t\t\t\t\t<div class=\"elementor-text-editor elementor-clearfix\">\r\n\t\t\t\t<p>Font\u00e1na p\u0159edstavuje tok energie plynouc\u00ed ze spojen\u00ed \u017eensk\u00e9ho a mu\u017esk\u00e9ho principu. P\u0159ipom\u00edn\u00e1 \u017eivot jako takov\u00fd, \u017eivotn\u00ed energii.<\/p>\t\t\t\t\t<\/div>\r\n\t\t\t\t\t\t<\/div>\r\n\t\t\t\t<\/div>\r\n\t\t\t\t\t\t<\/div>\r\n\t\t\t\t\t<\/div>\r\n\t\t<\/div>\r\n\t\t\t\t<div class=\"elementor-column elementor-col-50 elementor-inner-column elementor-element elementor-element-2ca8a31\" data-id=\"2ca8a31\" data-element_type=\"column\">\r\n\t\t\t<div class=\"elementor-column-wrap elementor-element-populated\">\r\n\t\t\t\t\t\t\t<div class=\"elementor-widget-wrap\">\r\n\t\t\t\t\t\t<div class=\"elementor-element elementor-element-ec02ac1 elementor-widget elementor-widget-image\" data-id=\"ec02ac1\" data-element_type=\"widget\" data-widget_type=\"image.default\">\r\n\t\t\t\t<div class=\"elementor-widget-container\">\r\n\t\t\t\t\t\t\t\t<div class=\"elementor-image\">\r\n\t\t\t\t\t\t\t\t\t\t\t\t<img width=\"800\" height=\"533\" src=\"http:\/\/parkpravikov.cz\/wp-content\/uploads\/2020\/11\/IMG_7434.jpg\" class=\"attachment-large size-large\" alt=\"\" loading=\"lazy\" srcset=\"http:\/\/parkpravikov.cz\/wp-content\/uploads\/2020\/11\/IMG_7434.jpg 800w, http:\/\/parkpravikov.cz\/wp-content\/uploads\/2020\/11\/IMG_7434-300x200.jpg 300w, http:\/\/parkpravikov.cz\/wp-content\/uploads\/2020\/11\/IMG_7434-768x512.jpg 768w\" sizes=\"(max-width: 800px) 100vw, 800px\" \/>\t\t\t\t\t\t\t\t\t\t\t\t\t\t<\/div>\r\n\t\t\t\t\t\t<\/div>\r\n\t\t\t\t<\/div>\r\n\t\t\t\t\t\t<\/div>\r\n\t\t\t\t\t<\/div>\r\n\t\t<\/div>\r\n\t\t\t\t\t\t\t\t<\/div>\r\n\t\t\t\t\t<\/div>\r\n\t\t<\/section>\r\n\t\t\t\t<section class=\"elementor-section elementor-inner-section elementor-element elementor-element-c4c10da elementor-section-content-middle elementor-section-boxed elementor-section-height-default elementor-section-height-default\" data-id=\"c4c10da\" data-element_type=\"section\">\r\n\t\t\t\t\t\t<div class=\"elementor-container elementor-column-gap-no\">\r\n\t\t\t\t\t\t\t<div class=\"elementor-row\">\r\n\t\t\t\t\t<div class=\"elementor-column elementor-col-50 elementor-inner-column elementor-element elementor-element-dd5e13a\" data-id=\"dd5e13a\" data-element_type=\"column\">\r\n\t\t\t<div class=\"elementor-column-wrap elementor-element-populated\">\r\n\t\t\t\t\t\t\t<div class=\"elementor-widget-wrap\">\r\n\t\t\t\t\t\t<div class=\"elementor-element elementor-element-dd122d8 elementor-widget elementor-widget-image\" data-id=\"dd122d8\" data-element_type=\"widget\" data-widget_type=\"image.default\">\r\n\t\t\t\t<div class=\"elementor-widget-container\">\r\n\t\t\t\t\t\t\t\t<div class=\"elementor-image\">\r\n\t\t\t\t\t\t\t\t\t\t\t\t<img src=\"\/wp-content\/uploads\/2011\/12\/centrum-studii_08.jpg\" title=\"\" alt=\"\" \/>\t\t\t\t\t\t\t\t\t\t\t\t\t\t<\/div>\r\n\t\t\t\t\t\t<\/div>\r\n\t\t\t\t<\/div>\r\n\t\t\t\t\t\t<\/div>\r\n\t\t\t\t\t<\/div>\r\n\t\t<\/div>\r\n\t\t\t\t<div class=\"elementor-column elementor-col-50 elementor-inner-column elementor-element elementor-element-2c9a265\" data-id=\"2c9a265\" data-element_type=\"column\">\r\n\t\t\t<div class=\"elementor-column-wrap elementor-element-populated\">\r\n\t\t\t\t\t\t\t<div class=\"elementor-widget-wrap\">\r\n\t\t\t\t\t\t<div class=\"elementor-element elementor-element-6560972 elementor-widget elementor-widget-heading\" data-id=\"6560972\" data-element_type=\"widget\" data-widget_type=\"heading.default\">\r\n\t\t\t\t<div class=\"elementor-widget-container\">\r\n\t\t\t<h2 class=\"elementor-heading-title elementor-size-default\">CENTRUM PR\u00c1CE A CENTRUM STUDI\u00cd<\/h2>\t\t<\/div>\r\n\t\t\t\t<\/div>\r\n\t\t\t\t<div class=\"elementor-element elementor-element-56a11e3 elementor-widget elementor-widget-text-editor\" data-id=\"56a11e3\" data-element_type=\"widget\" data-widget_type=\"text-editor.default\">\r\n\t\t\t\t<div class=\"elementor-widget-container\">\r\n\t\t\t\t\t\t\t\t<div class=\"elementor-text-editor elementor-clearfix\">\r\n\t\t\t\t<p>Prostor poskytuj\u00edc\u00ed z\u00e1zem\u00ed k osobn\u00ed pr\u00e1ci v podob\u011b semin\u00e1\u0159\u016f a setk\u00e1n\u00ed. Centrum studi\u00ed funguje jako prostor pro studium \u010dlov\u011bka a jeho historie.<\/p>\t\t\t\t\t<\/div>\r\n\t\t\t\t\t\t<\/div>\r\n\t\t\t\t<\/div>\r\n\t\t\t\t\t\t<\/div>\r\n\t\t\t\t\t<\/div>\r\n\t\t<\/div>\r\n\t\t\t\t\t\t\t\t<\/div>\r\n\t\t\t\t\t<\/div>\r\n\t\t<\/section>\r\n\t\t\t\t<section class=\"elementor-section elementor-inner-section elementor-element elementor-element-74af6ce elementor-section-content-middle elementor-reverse-mobile elementor-section-boxed elementor-section-height-default elementor-section-height-default\" data-id=\"74af6ce\" data-element_type=\"section\">\r\n\t\t\t\t\t\t<div class=\"elementor-container elementor-column-gap-no\">\r\n\t\t\t\t\t\t\t<div class=\"elementor-row\">\r\n\t\t\t\t\t<div class=\"elementor-column elementor-col-50 elementor-inner-column elementor-element elementor-element-0bdf1ea\" data-id=\"0bdf1ea\" data-element_type=\"column\">\r\n\t\t\t<div class=\"elementor-column-wrap elementor-element-populated\">\r\n\t\t\t\t\t\t\t<div class=\"elementor-widget-wrap\">\r\n\t\t\t\t\t\t<div class=\"elementor-element elementor-element-a9fe05a elementor-widget elementor-widget-heading\" data-id=\"a9fe05a\" data-element_type=\"widget\" data-widget_type=\"heading.default\">\r\n\t\t\t\t<div class=\"elementor-widget-container\">\r\n\t\t\t<h2 class=\"elementor-heading-title elementor-size-default\">ST\u00c9LA<\/h2>\t\t<\/div>\r\n\t\t\t\t<\/div>\r\n\t\t\t\t<div class=\"elementor-element elementor-element-bf13563 elementor-widget elementor-widget-text-editor\" data-id=\"bf13563\" data-element_type=\"widget\" data-widget_type=\"text-editor.default\">\r\n\t\t\t\t<div class=\"elementor-widget-container\">\r\n\t\t\t\t\t\t\t\t<div class=\"elementor-text-editor elementor-clearfix\">\r\n\t\t\t\t<p>Mal\u00fd monument, na kter\u00e9m jsou vyryta jm\u00e9na v\u0161ech, kte\u0159\u00ed se na vzniku dan\u00e9ho parku pod\u00edleli.<\/p>\t\t\t\t\t<\/div>\r\n\t\t\t\t\t\t<\/div>\r\n\t\t\t\t<\/div>\r\n\t\t\t\t\t\t<\/div>\r\n\t\t\t\t\t<\/div>\r\n\t\t<\/div>\r\n\t\t\t\t<div class=\"elementor-column elementor-col-50 elementor-inner-column elementor-element elementor-element-fdb495d\" data-id=\"fdb495d\" data-element_type=\"column\">\r\n\t\t\t<div class=\"elementor-column-wrap elementor-element-populated\">\r\n\t\t\t\t\t\t\t<div class=\"elementor-widget-wrap\">\r\n\t\t\t\t\t\t<div class=\"elementor-element elementor-element-d8a9c13 elementor-widget elementor-widget-image\" data-id=\"d8a9c13\" data-element_type=\"widget\" data-widget_type=\"image.default\">\r\n\t\t\t\t<div class=\"elementor-widget-container\">\r\n\t\t\t\t\t\t\t\t<div class=\"elementor-image\">\r\n\t\t\t\t\t\t\t\t\t\t\t\t<img src=\"\/wp-content\/uploads\/2020\/07\/DSC00161.jpg\" title=\"\" alt=\"\" \/>\t\t\t\t\t\t\t\t\t\t\t\t\t\t<\/div>\r\n\t\t\t\t\t\t<\/div>\r\n\t\t\t\t<\/div>\r\n\t\t\t\t\t\t<\/div>\r\n\t\t\t\t\t<\/div>\r\n\t\t<\/div>\r\n\t\t\t\t\t\t\t\t<\/div>\r\n\t\t\t\t\t<\/div>\r\n\t\t<\/section>\r\n\t\t\t\t\t\t<\/div>\r\n\t\t\t\t\t<\/div>\r\n\t\t<\/div>\r\n\t\t\t\t\t\t\t\t<\/div>\r\n\t\t\t\t\t<\/div>\r\n\t\t<\/section>\r\n\t\t\t\t\t\t<\/div>\r\n\t\t\t\t\t\t<\/div>\r\n\t\t\t\t\t<\/div>","protected":false},"excerpt":{"rendered":"<p>Parky studi\u00ed a reflexe Parky studi\u00ed a reflexe jsou m\u00edstem pro v\u0161echny, kte\u0159\u00ed se cht\u011bj\u00ed v dne\u0161n\u00ed hektick\u00e9\u00a0dob\u011b zastavit, zam\u00fd\u0161let se a hledat odpov\u011bdi na ot\u00e1zky o smyslu \u017eivota,\u00a0p\u0159ekon\u00e1n\u00ed bolesti a utrpen\u00ed, o budoucnosti\u2026 Jsou to m\u00edsta setk\u00e1v\u00e1n\u00ed a kontaktu\u00a0s t\u00edm nejlep\u0161\u00edm v n\u00e1s a s t\u00edm nejlep\u0161\u00edm v ostatn\u00edch. Jsou to m\u00edsta ur\u010den\u00e1\u00a0k zamy\u0161len\u00ed, [&hellip;]<\/p>","protected":false},"author":1,"featured_media":0,"parent":0,"menu_order":0,"comment_status":"closed","ping_status":"closed","template":"","meta":[],"_links":{"self":[{"href":"http:\/\/parkpravikov.cz\/es\/wp-json\/wp\/v2\/pages\/47"}],"collection":[{"href":"http:\/\/parkpravikov.cz\/es\/wp-json\/wp\/v2\/pages"}],"about":[{"href":"http:\/\/parkpravikov.cz\/es\/wp-json\/wp\/v2\/types\/page"}],"author":[{"embeddable":true,"href":"http:\/\/parkpravikov.cz\/es\/wp-json\/wp\/v2\/users\/1"}],"replies":[{"embeddable":true,"href":"http:\/\/parkpravikov.cz\/es\/wp-json\/wp\/v2\/comments?post=47"}],"version-history":[{"count":50,"href":"http:\/\/parkpravikov.cz\/es\/wp-json\/wp\/v2\/pages\/47\/revisions"}],"predecessor-version":[{"id":3708,"href":"http:\/\/parkpravikov.cz\/es\/wp-json\/wp\/v2\/pages\/47\/revisions\/3708"}],"wp:attachment":[{"href":"http:\/\/parkpravikov.cz\/es\/wp-json\/wp\/v2\/media?parent=47"}],"curies":[{"name":"wp","href":"https:\/\/api.w.org\/{rel}","templated":true}]}}