{"id":4509,"date":"2022-03-28T14:43:36","date_gmt":"2022-03-28T14:43:36","guid":{"rendered":"http:\/\/parkpravikov.cz\/?page_id=4509"},"modified":"2024-11-22T16:04:39","modified_gmt":"2024-11-22T16:04:39","slug":"aktuality","status":"publish","type":"page","link":"http:\/\/parkpravikov.cz\/en\/aktuality\/","title":{"rendered":"News"},"content":{"rendered":"<div data-elementor-type=\"wp-page\" data-elementor-id=\"4509\" class=\"elementor elementor-4509\" data-elementor-settings=\"[]\">\r\n\t\t\t\t\t\t<div class=\"elementor-inner\">\r\n\t\t\t\t\t\t\t<div class=\"elementor-section-wrap\">\r\n\t\t\t\t\t\t\t<section class=\"elementor-section elementor-top-section elementor-element elementor-element-20f0742 elementor-section-boxed elementor-section-height-default elementor-section-height-default\" data-id=\"20f0742\" data-element_type=\"section\">\r\n\t\t\t\t\t\t<div class=\"elementor-container elementor-column-gap-default\">\r\n\t\t\t\t\t\t\t<div class=\"elementor-row\">\r\n\t\t\t\t\t<div class=\"elementor-column elementor-col-100 elementor-top-column elementor-element elementor-element-a077514\" data-id=\"a077514\" data-element_type=\"column\">\r\n\t\t\t<div class=\"elementor-column-wrap elementor-element-populated\">\r\n\t\t\t\t\t\t\t<div class=\"elementor-widget-wrap\">\r\n\t\t\t\t\t\t<div class=\"elementor-element elementor-element-05bbc70 elementor-grid-eael-col-2 elementor-grid-tablet-eael-col-2 elementor-grid-mobile-eael-col-1 elementor-widget elementor-widget-eael-post-grid\" data-id=\"05bbc70\" data-element_type=\"widget\" data-settings=\"{&quot;eael_post_grid_columns&quot;:&quot;eael-col-2&quot;,&quot;eael_post_grid_columns_tablet&quot;:&quot;eael-col-2&quot;,&quot;eael_post_grid_columns_mobile&quot;:&quot;eael-col-1&quot;}\" data-widget_type=\"eael-post-grid.default\">\r\n\t\t\t\t<div class=\"elementor-widget-container\">\r\n\t\t\t<div id=\"eael-post-grid-05bbc70\" class=\"eael-post-grid-container\">\r\n            <div class=\"eael-post-grid eael-post-appender eael-post-appender-05bbc70 eael-post-grid-style-default\" data-layout-mode=\"masonry\"><article class=\"eael-grid-post eael-post-grid-column\" data-id=\"4842\">\r\n        <div class=\"eael-grid-post-holder\">\r\n            <div class=\"eael-grid-post-holder-inner\"><div class=\"eael-entry-media\"><div class=\"eael-entry-overlay fade-in\"><i class=\"fas fa-long-arrow-alt-right\" aria-hidden=\"true\"><\/i><a href=\"http:\/\/parkpravikov.cz\/en\/vikendovy-seminar-cesta-usmireni\/\"><\/a><\/div><div class=\"eael-entry-thumbnail\">\r\n                <img width=\"300\" height=\"158\" src=\"http:\/\/parkpravikov.cz\/wp-content\/uploads\/2025\/05\/evento_saggio-300x158.jpg\" class=\"attachment-medium size-medium\" alt=\"\" loading=\"lazy\" srcset=\"http:\/\/parkpravikov.cz\/wp-content\/uploads\/2025\/05\/evento_saggio-300x158.jpg 300w, http:\/\/parkpravikov.cz\/wp-content\/uploads\/2025\/05\/evento_saggio-18x9.jpg 18w, http:\/\/parkpravikov.cz\/wp-content\/uploads\/2025\/05\/evento_saggio.jpg 720w\" sizes=\"(max-width: 300px) 100vw, 300px\" \/>\r\n            <\/div>\r\n        <\/div><div class=\"eael-entry-wrapper\"><header class=\"eael-entry-header\"><h2 class=\"eael-entry-title\"><a\r\n                        class=\"eael-grid-post-link\"\r\n                        href=\"http:\/\/parkpravikov.cz\/en\/vikendovy-seminar-cesta-usmireni\/\"\r\n                        title=\"V\u00edkendov\u00fd semin\u00e1\u0159 CESTA USM\u00cd\u0158EN\u00cd\">V\u00edkendov\u00fd semin\u00e1\u0159 CESTA USM\u00cd\u0158EN\u00cd<\/a><\/h2><\/header><div class=\"eael-entry-content\">\r\n                        <div class=\"eael-grid-post-excerpt\"><p>7. \u010dervna 12:00 &#8211; 8. \u010dervna 17:00 Usm\u00ed\u0159en\u00ed se sebou sam\u00fdm, s minulost\u00ed a s lidmi, kte\u0159\u00ed n\u00e1m ubl\u00ed\u017eili, n\u00e1m ...<\/p><a\r\n                            href=\"http:\/\/parkpravikov.cz\/en\/vikendovy-seminar-cesta-usmireni\/\"\r\n                            class=\"eael-post-elements-readmore-btn\">\u010cti v\u00edce<\/a><\/div>\r\n                    <\/div><div class=\"eael-entry-footer\"><div class=\"eael-entry-meta\"><span class=\"eael-posted-on\"><time datetime=\"May 13, 2025\">May 13, 2025<\/time><\/span><\/div><\/div><\/div><\/div>\r\n        <\/div>\r\n    <\/article><article class=\"eael-grid-post eael-post-grid-column\" data-id=\"4839\">\r\n        <div class=\"eael-grid-post-holder\">\r\n            <div class=\"eael-grid-post-holder-inner\"><div class=\"eael-entry-media\"><div class=\"eael-entry-overlay fade-in\"><i class=\"fas fa-long-arrow-alt-right\" aria-hidden=\"true\"><\/i><a href=\"http:\/\/parkpravikov.cz\/en\/promitani-dokumentu-mudrc-z-and\/\"><\/a><\/div><div class=\"eael-entry-thumbnail\">\r\n                <img width=\"300\" height=\"169\" src=\"http:\/\/parkpravikov.cz\/wp-content\/uploads\/2025\/05\/articolo_mudr-300x169.jpg\" class=\"attachment-medium size-medium\" alt=\"\" loading=\"lazy\" srcset=\"http:\/\/parkpravikov.cz\/wp-content\/uploads\/2025\/05\/articolo_mudr-300x169.jpg 300w, http:\/\/parkpravikov.cz\/wp-content\/uploads\/2025\/05\/articolo_mudr-18x10.jpg 18w, http:\/\/parkpravikov.cz\/wp-content\/uploads\/2025\/05\/articolo_mudr.jpg 720w\" sizes=\"(max-width: 300px) 100vw, 300px\" \/>\r\n            <\/div>\r\n        <\/div><div class=\"eael-entry-wrapper\"><header class=\"eael-entry-header\"><h2 class=\"eael-entry-title\"><a\r\n                        class=\"eael-grid-post-link\"\r\n                        href=\"http:\/\/parkpravikov.cz\/en\/promitani-dokumentu-mudrc-z-and\/\"\r\n                        title=\"Prom\u00edt\u00e1n\u00ed dokumentu MUDRC z AND\">Prom\u00edt\u00e1n\u00ed dokumentu MUDRC z AND<\/a><\/h2><\/header><div class=\"eael-entry-content\">\r\n                        <div class=\"eael-grid-post-excerpt\"><p>6. \u010dervna od 19:00 Prom\u00edt\u00e1n\u00ed dokumentu kanadsk\u00e9 televize o neoby\u010dejn\u00e9m \u010dlov\u011bku, jeho\u017e poselstv\u00ed m\u011bn\u00ed \u017eivoty mili\u00f3n\u016f lid\u00ed na cel\u00e9m sv\u011bt\u011b ...<\/p><a\r\n                            href=\"http:\/\/parkpravikov.cz\/en\/promitani-dokumentu-mudrc-z-and\/\"\r\n                            class=\"eael-post-elements-readmore-btn\">\u010cti v\u00edce<\/a><\/div>\r\n                    <\/div><div class=\"eael-entry-footer\"><div class=\"eael-entry-meta\"><span class=\"eael-posted-on\"><time datetime=\"May 13, 2025\">May 13, 2025<\/time><\/span><\/div><\/div><\/div><\/div>\r\n        <\/div>\r\n    <\/article><article class=\"eael-grid-post eael-post-grid-column\" data-id=\"4836\">\r\n        <div class=\"eael-grid-post-holder\">\r\n            <div class=\"eael-grid-post-holder-inner\"><div class=\"eael-entry-media\"><div class=\"eael-entry-overlay fade-in\"><i class=\"fas fa-long-arrow-alt-right\" aria-hidden=\"true\"><\/i><a href=\"http:\/\/parkpravikov.cz\/en\/promitani-dokumentu-za-hranici-pomsty\/\"><\/a><\/div><div class=\"eael-entry-thumbnail\">\r\n                <img width=\"300\" height=\"169\" src=\"http:\/\/parkpravikov.cz\/wp-content\/uploads\/2025\/05\/articolo_pomsta-300x169.jpg\" class=\"attachment-medium size-medium\" alt=\"\" loading=\"lazy\" srcset=\"http:\/\/parkpravikov.cz\/wp-content\/uploads\/2025\/05\/articolo_pomsta-300x169.jpg 300w, http:\/\/parkpravikov.cz\/wp-content\/uploads\/2025\/05\/articolo_pomsta-18x10.jpg 18w, http:\/\/parkpravikov.cz\/wp-content\/uploads\/2025\/05\/articolo_pomsta.jpg 720w\" sizes=\"(max-width: 300px) 100vw, 300px\" \/>\r\n            <\/div>\r\n        <\/div><div class=\"eael-entry-wrapper\"><header class=\"eael-entry-header\"><h2 class=\"eael-entry-title\"><a\r\n                        class=\"eael-grid-post-link\"\r\n                        href=\"http:\/\/parkpravikov.cz\/en\/promitani-dokumentu-za-hranici-pomsty\/\"\r\n                        title=\"Prom\u00edt\u00e1n\u00ed dokumentu ZA HRANIC\u00cd POMSTY\">Prom\u00edt\u00e1n\u00ed dokumentu ZA HRANIC\u00cd POMSTY<\/a><\/h2><\/header><div class=\"eael-entry-content\">\r\n                        <div class=\"eael-grid-post-excerpt\"><p>16. kv\u011btna od 19:00 Prom\u00edt\u00e1n\u00ed dokumentu, sd\u00edlen\u00ed na t\u00e9ma pomsta a usm\u00ed\u0159en\u00ed i kr\u00e1tk\u00e1 meditace \u201dzm\u011bna \u00fahlu pohledu\u201d. &nbsp;Dokument&nbsp;&nbsp;\u201eZa hranic\u00ed ...<\/p><a\r\n                            href=\"http:\/\/parkpravikov.cz\/en\/promitani-dokumentu-za-hranici-pomsty\/\"\r\n                            class=\"eael-post-elements-readmore-btn\">\u010cti v\u00edce<\/a><\/div>\r\n                    <\/div><div class=\"eael-entry-footer\"><div class=\"eael-entry-meta\"><span class=\"eael-posted-on\"><time datetime=\"May 13, 2025\">May 13, 2025<\/time><\/span><\/div><\/div><\/div><\/div>\r\n        <\/div>\r\n    <\/article><article class=\"eael-grid-post eael-post-grid-column\" data-id=\"4829\">\r\n        <div class=\"eael-grid-post-holder\">\r\n            <div class=\"eael-grid-post-holder-inner\"><div class=\"eael-entry-media\"><div class=\"eael-entry-overlay fade-in\"><i class=\"fas fa-long-arrow-alt-right\" aria-hidden=\"true\"><\/i><a href=\"http:\/\/parkpravikov.cz\/en\/spolecna-zadost-za-mir-a-hlubokou-zmenu\/\"><\/a><\/div><div class=\"eael-entry-thumbnail\">\r\n                <img width=\"300\" height=\"186\" src=\"http:\/\/parkpravikov.cz\/wp-content\/uploads\/2024\/11\/zadost-300x186.jpeg\" class=\"attachment-medium size-medium\" alt=\"\" loading=\"lazy\" srcset=\"http:\/\/parkpravikov.cz\/wp-content\/uploads\/2024\/11\/zadost-300x186.jpeg 300w, http:\/\/parkpravikov.cz\/wp-content\/uploads\/2024\/11\/zadost-768x475.jpeg 768w, http:\/\/parkpravikov.cz\/wp-content\/uploads\/2024\/11\/zadost-18x12.jpeg 18w, http:\/\/parkpravikov.cz\/wp-content\/uploads\/2024\/11\/zadost.jpeg 827w\" sizes=\"(max-width: 300px) 100vw, 300px\" \/>\r\n            <\/div>\r\n        <\/div><div class=\"eael-entry-wrapper\"><header class=\"eael-entry-header\"><h2 class=\"eael-entry-title\"><a\r\n                        class=\"eael-grid-post-link\"\r\n                        href=\"http:\/\/parkpravikov.cz\/en\/spolecna-zadost-za-mir-a-hlubokou-zmenu\/\"\r\n                        title=\"Spole\u010dn\u00e1 \u017e\u00e1dost za m\u00edr a hlubokou zm\u011bnu\">Spole\u010dn\u00e1 \u017e\u00e1dost za m\u00edr a hlubokou zm\u011bnu<\/a><\/h2><\/header><div class=\"eael-entry-content\">\r\n                        <div class=\"eael-grid-post-excerpt\"><p>5. leden 2025 od 14:30 do16:30 hodV dne\u0161n\u00edm sv\u011bt\u011b velk\u00fdch ot\u0159es\u016f bez jasn\u00e9 budoucnosti, c\u00edt\u00edme silnou pot\u0159ebu hlubok\u00e9 pozitivn\u00ed zm\u011bny ...<\/p><a\r\n                            href=\"http:\/\/parkpravikov.cz\/en\/spolecna-zadost-za-mir-a-hlubokou-zmenu\/\"\r\n                            class=\"eael-post-elements-readmore-btn\">\u010cti v\u00edce<\/a><\/div>\r\n                    <\/div><div class=\"eael-entry-footer\"><div class=\"eael-entry-meta\"><span class=\"eael-posted-on\"><time datetime=\"November 28, 2024\">November 28, 2024<\/time><\/span><\/div><\/div><\/div><\/div>\r\n        <\/div>\r\n    <\/article><article class=\"eael-grid-post eael-post-grid-column\" data-id=\"4824\">\r\n        <div class=\"eael-grid-post-holder\">\r\n            <div class=\"eael-grid-post-holder-inner\"><div class=\"eael-entry-media\"><div class=\"eael-entry-overlay fade-in\"><i class=\"fas fa-long-arrow-alt-right\" aria-hidden=\"true\"><\/i><a href=\"http:\/\/parkpravikov.cz\/en\/oslava-zimniho-slunovratu-2\/\"><\/a><\/div><div class=\"eael-entry-thumbnail\">\r\n                <img width=\"300\" height=\"169\" src=\"http:\/\/parkpravikov.cz\/wp-content\/uploads\/2024\/11\/slunovrat-300x169.jpeg\" class=\"attachment-medium size-medium\" alt=\"\" loading=\"lazy\" srcset=\"http:\/\/parkpravikov.cz\/wp-content\/uploads\/2024\/11\/slunovrat-300x169.jpeg 300w, http:\/\/parkpravikov.cz\/wp-content\/uploads\/2024\/11\/slunovrat-1024x576.jpeg 1024w, http:\/\/parkpravikov.cz\/wp-content\/uploads\/2024\/11\/slunovrat-768x432.jpeg 768w, http:\/\/parkpravikov.cz\/wp-content\/uploads\/2024\/11\/slunovrat-18x10.jpeg 18w, http:\/\/parkpravikov.cz\/wp-content\/uploads\/2024\/11\/slunovrat.jpeg 1512w\" sizes=\"(max-width: 300px) 100vw, 300px\" \/>\r\n            <\/div>\r\n        <\/div><div class=\"eael-entry-wrapper\"><header class=\"eael-entry-header\"><h2 class=\"eael-entry-title\"><a\r\n                        class=\"eael-grid-post-link\"\r\n                        href=\"http:\/\/parkpravikov.cz\/en\/oslava-zimniho-slunovratu-2\/\"\r\n                        title=\"Oslava zimn\u00edho slunovratu\">Oslava zimn\u00edho slunovratu<\/a><\/h2><\/header><div class=\"eael-entry-content\">\r\n                        <div class=\"eael-grid-post-excerpt\"><p>21. prosinec ve 14:30 hod. &#8211; Park Prav\u00edkov P\u0159ijm\u011bte na\u0161e srde\u010dn\u00e9 pozv\u00e1n\u00ed na oslavu zimn\u00edho slunovratu \u2013 magick\u00e9ho okam\u017eiku, kdy ...<\/p><a\r\n                            href=\"http:\/\/parkpravikov.cz\/en\/oslava-zimniho-slunovratu-2\/\"\r\n                            class=\"eael-post-elements-readmore-btn\">\u010cti v\u00edce<\/a><\/div>\r\n                    <\/div><div class=\"eael-entry-footer\"><div class=\"eael-entry-meta\"><span class=\"eael-posted-on\"><time datetime=\"November 27, 2024\">November 27, 2024<\/time><\/span><\/div><\/div><\/div><\/div>\r\n        <\/div>\r\n    <\/article><article class=\"eael-grid-post eael-post-grid-column\" data-id=\"4819\">\r\n        <div class=\"eael-grid-post-holder\">\r\n            <div class=\"eael-grid-post-holder-inner\"><div class=\"eael-entry-media\"><div class=\"eael-entry-overlay fade-in\"><i class=\"fas fa-long-arrow-alt-right\" aria-hidden=\"true\"><\/i><a href=\"http:\/\/parkpravikov.cz\/en\/pokrytectvi-zapadu-krize-hodnot-imigrace-a-rozvojovy-svet\/\"><\/a><\/div><div class=\"eael-entry-thumbnail\">\r\n                <img width=\"300\" height=\"169\" src=\"http:\/\/parkpravikov.cz\/wp-content\/uploads\/2024\/11\/ficnova-300x169.jpeg\" class=\"attachment-medium size-medium\" alt=\"\" loading=\"lazy\" srcset=\"http:\/\/parkpravikov.cz\/wp-content\/uploads\/2024\/11\/ficnova-300x169.jpeg 300w, http:\/\/parkpravikov.cz\/wp-content\/uploads\/2024\/11\/ficnova-1024x576.jpeg 1024w, http:\/\/parkpravikov.cz\/wp-content\/uploads\/2024\/11\/ficnova-768x432.jpeg 768w, http:\/\/parkpravikov.cz\/wp-content\/uploads\/2024\/11\/ficnova-18x10.jpeg 18w, http:\/\/parkpravikov.cz\/wp-content\/uploads\/2024\/11\/ficnova.jpeg 1512w\" sizes=\"(max-width: 300px) 100vw, 300px\" \/>\r\n            <\/div>\r\n        <\/div><div class=\"eael-entry-wrapper\"><header class=\"eael-entry-header\"><h2 class=\"eael-entry-title\"><a\r\n                        class=\"eael-grid-post-link\"\r\n                        href=\"http:\/\/parkpravikov.cz\/en\/pokrytectvi-zapadu-krize-hodnot-imigrace-a-rozvojovy-svet\/\"\r\n                        title=\"Pokrytectv\u00ed Z\u00e1padu, krize hodnot, imigrace a rozvojov\u00fd sv\u011bt\">Pokrytectv\u00ed Z\u00e1padu, krize hodnot, imigrace a rozvojov\u00fd sv\u011bt<\/a><\/h2><\/header><div class=\"eael-entry-content\">\r\n                        <div class=\"eael-grid-post-excerpt\"><p>13. prosince, 18:30 hod.Tibet Open House, \u0160kolsk\u00e1 28, Praha 1 V r\u00e1mci 3. Sv\u011btov\u00e9ho pochodu za m\u00edr a nen\u00e1sil\u00ed v\u00e1s ...<\/p><a\r\n                            href=\"http:\/\/parkpravikov.cz\/en\/pokrytectvi-zapadu-krize-hodnot-imigrace-a-rozvojovy-svet\/\"\r\n                            class=\"eael-post-elements-readmore-btn\">\u010cti v\u00edce<\/a><\/div>\r\n                    <\/div><div class=\"eael-entry-footer\"><div class=\"eael-entry-meta\"><span class=\"eael-posted-on\"><time datetime=\"November 27, 2024\">November 27, 2024<\/time><\/span><\/div><\/div><\/div><\/div>\r\n        <\/div>\r\n    <\/article><article class=\"eael-grid-post eael-post-grid-column\" data-id=\"4798\">\r\n        <div class=\"eael-grid-post-holder\">\r\n            <div class=\"eael-grid-post-holder-inner\"><div class=\"eael-entry-media\"><div class=\"eael-entry-overlay fade-in\"><i class=\"fas fa-long-arrow-alt-right\" aria-hidden=\"true\"><\/i><a href=\"http:\/\/parkpravikov.cz\/en\/setkani-k-reflexi-alegorie-cesty-odyssea\/\"><\/a><\/div><div class=\"eael-entry-thumbnail\">\r\n                <img width=\"300\" height=\"158\" src=\"http:\/\/parkpravikov.cz\/wp-content\/uploads\/2024\/11\/odysea-300x158.jpeg\" class=\"attachment-medium size-medium\" alt=\"\" loading=\"lazy\" srcset=\"http:\/\/parkpravikov.cz\/wp-content\/uploads\/2024\/11\/odysea-300x158.jpeg 300w, http:\/\/parkpravikov.cz\/wp-content\/uploads\/2024\/11\/odysea-1024x538.jpeg 1024w, http:\/\/parkpravikov.cz\/wp-content\/uploads\/2024\/11\/odysea-768x403.jpeg 768w, http:\/\/parkpravikov.cz\/wp-content\/uploads\/2024\/11\/odysea-18x9.jpeg 18w, http:\/\/parkpravikov.cz\/wp-content\/uploads\/2024\/11\/odysea.jpeg 1200w\" sizes=\"(max-width: 300px) 100vw, 300px\" \/>\r\n            <\/div>\r\n        <\/div><div class=\"eael-entry-wrapper\"><header class=\"eael-entry-header\"><h2 class=\"eael-entry-title\"><a\r\n                        class=\"eael-grid-post-link\"\r\n                        href=\"http:\/\/parkpravikov.cz\/en\/setkani-k-reflexi-alegorie-cesty-odyssea\/\"\r\n                        title=\"Setk\u00e1n\u00ed k reflexi &#8211; Alegorie cesty Odyssea\">Setk\u00e1n\u00ed k reflexi &#8211; Alegorie cesty Odyssea<\/a><\/h2><\/header><div class=\"eael-entry-content\">\r\n                        <div class=\"eael-grid-post-excerpt\"><p>8.\u00a0prosince 2024, 11 &#8211; 15 hod. Stejn\u011b jako Odysseus odolal vol\u00e1n\u00ed sir\u00e9n t\u00edm, \u017ee se p\u0159iv\u00e1zal ke st\u011b\u017eni lodi, mus\u00edme ...<\/p><a\r\n                            href=\"http:\/\/parkpravikov.cz\/en\/setkani-k-reflexi-alegorie-cesty-odyssea\/\"\r\n                            class=\"eael-post-elements-readmore-btn\">\u010cti v\u00edce<\/a><\/div>\r\n                    <\/div><div class=\"eael-entry-footer\"><div class=\"eael-entry-meta\"><span class=\"eael-posted-on\"><time datetime=\"November 25, 2024\">November 25, 2024<\/time><\/span><\/div><\/div><\/div><\/div>\r\n        <\/div>\r\n    <\/article><article class=\"eael-grid-post eael-post-grid-column\" data-id=\"4811\">\r\n        <div class=\"eael-grid-post-holder\">\r\n            <div class=\"eael-grid-post-holder-inner\"><div class=\"eael-entry-media\"><div class=\"eael-entry-overlay fade-in\"><i class=\"fas fa-long-arrow-alt-right\" aria-hidden=\"true\"><\/i><a href=\"http:\/\/parkpravikov.cz\/en\/seminar-na-tema-usmireni-2\/\"><\/a><\/div><div class=\"eael-entry-thumbnail\">\r\n                <img width=\"300\" height=\"204\" src=\"http:\/\/parkpravikov.cz\/wp-content\/uploads\/2024\/11\/Screenshot-2024-11-26-at-20.56.53-300x204.png\" class=\"attachment-medium size-medium\" alt=\"\" loading=\"lazy\" srcset=\"http:\/\/parkpravikov.cz\/wp-content\/uploads\/2024\/11\/Screenshot-2024-11-26-at-20.56.53-300x204.png 300w, http:\/\/parkpravikov.cz\/wp-content\/uploads\/2024\/11\/Screenshot-2024-11-26-at-20.56.53-18x12.png 18w, http:\/\/parkpravikov.cz\/wp-content\/uploads\/2024\/11\/Screenshot-2024-11-26-at-20.56.53.png 698w\" sizes=\"(max-width: 300px) 100vw, 300px\" \/>\r\n            <\/div>\r\n        <\/div><div class=\"eael-entry-wrapper\"><header class=\"eael-entry-header\"><h2 class=\"eael-entry-title\"><a\r\n                        class=\"eael-grid-post-link\"\r\n                        href=\"http:\/\/parkpravikov.cz\/en\/seminar-na-tema-usmireni-2\/\"\r\n                        title=\"Semin\u00e1\u0159 na t\u00e9ma usm\u00ed\u0159en\u00ed\">Semin\u00e1\u0159 na t\u00e9ma usm\u00ed\u0159en\u00ed<\/a><\/h2><\/header><div class=\"eael-entry-content\">\r\n                        <div class=\"eael-grid-post-excerpt\"><p>7.\u00a0prosince 2024, 11 &#8211; 19 hod. Semin\u00e1\u0159 s praktick\u00fdmi cvi\u010den\u00edmi, meditac\u00ed, reflex\u00ed a sd\u00edlen\u00edm s ostatn\u00edmi n\u00e1m pom\u016f\u017ee z\u00edskat novou ...<\/p><a\r\n                            href=\"http:\/\/parkpravikov.cz\/en\/seminar-na-tema-usmireni-2\/\"\r\n                            class=\"eael-post-elements-readmore-btn\">\u010cti v\u00edce<\/a><\/div>\r\n                    <\/div><div class=\"eael-entry-footer\"><div class=\"eael-entry-meta\"><span class=\"eael-posted-on\"><time datetime=\"November 24, 2024\">November 24, 2024<\/time><\/span><\/div><\/div><\/div><\/div>\r\n        <\/div>\r\n    <\/article><article class=\"eael-grid-post eael-post-grid-column\" data-id=\"4746\">\r\n        <div class=\"eael-grid-post-holder\">\r\n            <div class=\"eael-grid-post-holder-inner\"><div class=\"eael-entry-media\"><div class=\"eael-entry-overlay fade-in\"><i class=\"fas fa-long-arrow-alt-right\" aria-hidden=\"true\"><\/i><a href=\"http:\/\/parkpravikov.cz\/en\/svetovy-pochod-za-mir-a-nenasili-prochazi-prahou\/\"><\/a><\/div><div class=\"eael-entry-thumbnail\">\r\n                <img width=\"212\" height=\"300\" src=\"http:\/\/parkpravikov.cz\/wp-content\/uploads\/2024\/11\/IMG-20241105-WA0011-212x300.jpg\" class=\"attachment-medium size-medium\" alt=\"\" loading=\"lazy\" srcset=\"http:\/\/parkpravikov.cz\/wp-content\/uploads\/2024\/11\/IMG-20241105-WA0011-212x300.jpg 212w, http:\/\/parkpravikov.cz\/wp-content\/uploads\/2024\/11\/IMG-20241105-WA0011-724x1024.jpg 724w, http:\/\/parkpravikov.cz\/wp-content\/uploads\/2024\/11\/IMG-20241105-WA0011-768x1086.jpg 768w, http:\/\/parkpravikov.cz\/wp-content\/uploads\/2024\/11\/IMG-20241105-WA0011-1086x1536.jpg 1086w, http:\/\/parkpravikov.cz\/wp-content\/uploads\/2024\/11\/IMG-20241105-WA0011-8x12.jpg 8w, http:\/\/parkpravikov.cz\/wp-content\/uploads\/2024\/11\/IMG-20241105-WA0011.jpg 1131w\" sizes=\"(max-width: 212px) 100vw, 212px\" \/>\r\n            <\/div>\r\n        <\/div><div class=\"eael-entry-wrapper\"><header class=\"eael-entry-header\"><h2 class=\"eael-entry-title\"><a\r\n                        class=\"eael-grid-post-link\"\r\n                        href=\"http:\/\/parkpravikov.cz\/en\/svetovy-pochod-za-mir-a-nenasili-prochazi-prahou\/\"\r\n                        title=\"Sv\u011btov\u00fd pochod za m\u00edr a nen\u00e1sil\u00ed proch\u00e1z\u00ed Prahou\">Sv\u011btov\u00fd pochod za m\u00edr a nen\u00e1sil\u00ed proch\u00e1z\u00ed Prahou<\/a><\/h2><\/header><div class=\"eael-entry-content\">\r\n                        <div class=\"eael-grid-post-excerpt\"><p>3. sv\u011btov\u00fd pochod za m\u00edr a nen\u00e1sil\u00ed, kter\u00fd vy\u0161el 2. \u0159\u00edjna z Kostariky a nyn\u00ed putuje po cel\u00e9m sv\u011bt\u011b, se ...<\/p><a\r\n                            href=\"http:\/\/parkpravikov.cz\/en\/svetovy-pochod-za-mir-a-nenasili-prochazi-prahou\/\"\r\n                            class=\"eael-post-elements-readmore-btn\">\u010cti v\u00edce<\/a><\/div>\r\n                    <\/div><div class=\"eael-entry-footer\"><div class=\"eael-entry-meta\"><span class=\"eael-posted-on\"><time datetime=\"November 7, 2024\">November 7, 2024<\/time><\/span><\/div><\/div><\/div><\/div>\r\n        <\/div>\r\n    <\/article><article class=\"eael-grid-post eael-post-grid-column\" data-id=\"4749\">\r\n        <div class=\"eael-grid-post-holder\">\r\n            <div class=\"eael-grid-post-holder-inner\"><div class=\"eael-entry-media\"><div class=\"eael-entry-overlay fade-in\"><i class=\"fas fa-long-arrow-alt-right\" aria-hidden=\"true\"><\/i><a href=\"http:\/\/parkpravikov.cz\/en\/3-svetovy-pochod-za-mir-a-nenasili\/\"><\/a><\/div><div class=\"eael-entry-thumbnail\">\r\n                <img width=\"225\" height=\"300\" src=\"http:\/\/parkpravikov.cz\/wp-content\/uploads\/2024\/11\/IMG-20241105-WA0000-225x300.jpg\" class=\"attachment-medium size-medium\" alt=\"\" loading=\"lazy\" srcset=\"http:\/\/parkpravikov.cz\/wp-content\/uploads\/2024\/11\/IMG-20241105-WA0000-225x300.jpg 225w, http:\/\/parkpravikov.cz\/wp-content\/uploads\/2024\/11\/IMG-20241105-WA0000-768x1024.jpg 768w, http:\/\/parkpravikov.cz\/wp-content\/uploads\/2024\/11\/IMG-20241105-WA0000-1152x1536.jpg 1152w, http:\/\/parkpravikov.cz\/wp-content\/uploads\/2024\/11\/IMG-20241105-WA0000-9x12.jpg 9w, http:\/\/parkpravikov.cz\/wp-content\/uploads\/2024\/11\/IMG-20241105-WA0000.jpg 1200w\" sizes=\"(max-width: 225px) 100vw, 225px\" \/>\r\n            <\/div>\r\n        <\/div><div class=\"eael-entry-wrapper\"><header class=\"eael-entry-header\"><h2 class=\"eael-entry-title\"><a\r\n                        class=\"eael-grid-post-link\"\r\n                        href=\"http:\/\/parkpravikov.cz\/en\/3-svetovy-pochod-za-mir-a-nenasili\/\"\r\n                        title=\"3. sv\u011btov\u00fd pochod za m\u00edr a nen\u00e1sil\u00ed\">3. sv\u011btov\u00fd pochod za m\u00edr a nen\u00e1sil\u00ed<\/a><\/h2><\/header><div class=\"eael-entry-content\">\r\n                        <div class=\"eael-grid-post-excerpt\"><p>Ve st\u0159edu 2. \u0159\u00edjna odstartoval 3. sv\u011btov\u00fd pochod za m\u00edr a nen\u00e1sil\u00ed na Kostarice, symbolicky v Mezin\u00e1rodn\u00ed den nen\u00e1sil\u00ed. Po ...<\/p><a\r\n                            href=\"http:\/\/parkpravikov.cz\/en\/3-svetovy-pochod-za-mir-a-nenasili\/\"\r\n                            class=\"eael-post-elements-readmore-btn\">\u010cti v\u00edce<\/a><\/div>\r\n                    <\/div><div class=\"eael-entry-footer\"><div class=\"eael-entry-meta\"><span class=\"eael-posted-on\"><time datetime=\"November 7, 2024\">November 7, 2024<\/time><\/span><\/div><\/div><\/div><\/div>\r\n        <\/div>\r\n    <\/article><\/div>\r\n            <div class=\"clearfix\"><\/div>\r\n        <\/div>            <div class=\"eael-load-more-button-wrap\">\r\n                <button class=\"eael-load-more-button\" id=\"eael-load-more-btn-05bbc70\" data-widget-id=\"05bbc70\" data-widget=\"05bbc70\" data-page-id=\"4509\" data-nonce=\"213e988fbe\" data-template=\"{&quot;dir&quot;:&quot;lite&quot;,&quot;file_name&quot;:&quot;default.php&quot;,&quot;name&quot;:&quot;Post-Grid&quot;}\" data-class=\"Essential_Addons_Elementor\\Elements\\Post_Grid\" data-layout=\"masonry\" data-page=\"1\" data-args=\"orderby=date&amp;order=desc&amp;ignore_sticky_posts=1&amp;post_status=publish&amp;posts_per_page=10&amp;offset=0&amp;post_type=post\" data-max-page=\"24\">\r\n                    <div class=\"eael-btn-loader button__loader\"><\/div>\r\n                    <span>Na\u010dti v\u00edce<\/span>\r\n                <\/button>\r\n            <\/div>\r\n        \t\t<\/div>\r\n\t\t\t\t<\/div>\r\n\t\t\t\t\t\t<\/div>\r\n\t\t\t\t\t<\/div>\r\n\t\t<\/div>\r\n\t\t\t\t\t\t\t\t<\/div>\r\n\t\t\t\t\t<\/div>\r\n\t\t<\/section>\r\n\t\t\t\t\t\t<\/div>\r\n\t\t\t\t\t\t<\/div>\r\n\t\t\t\t\t<\/div>","protected":false},"excerpt":{"rendered":"<p>Sv\u011btov\u00fd pochod za m\u00edr a nen\u00e1sil\u00ed proch\u00e1z\u00ed Prahou 3. sv\u011btov\u00fd pochod za m\u00edr a nen\u00e1sil\u00ed, kter\u00fd vy\u0161el 2. \u0159\u00edjna z Kostariky a nyn\u00ed putuje po cel\u00e9m sv\u011bt\u011b, se &#8230; \u010cti v\u00edce November 7, 2024 3. sv\u011btov\u00fd pochod za m\u00edr a nen\u00e1sil\u00ed Ve st\u0159edu 2. \u0159\u00edjna odstartoval 3. sv\u011btov\u00fd pochod za m\u00edr a nen\u00e1sil\u00ed na Kostarice, [&hellip;]<\/p>","protected":false},"author":9,"featured_media":0,"parent":0,"menu_order":0,"comment_status":"closed","ping_status":"closed","template":"","meta":[],"_links":{"self":[{"href":"http:\/\/parkpravikov.cz\/en\/wp-json\/wp\/v2\/pages\/4509"}],"collection":[{"href":"http:\/\/parkpravikov.cz\/en\/wp-json\/wp\/v2\/pages"}],"about":[{"href":"http:\/\/parkpravikov.cz\/en\/wp-json\/wp\/v2\/types\/page"}],"author":[{"embeddable":true,"href":"http:\/\/parkpravikov.cz\/en\/wp-json\/wp\/v2\/users\/9"}],"replies":[{"embeddable":true,"href":"http:\/\/parkpravikov.cz\/en\/wp-json\/wp\/v2\/comments?post=4509"}],"version-history":[{"count":22,"href":"http:\/\/parkpravikov.cz\/en\/wp-json\/wp\/v2\/pages\/4509\/revisions"}],"predecessor-version":[{"id":4785,"href":"http:\/\/parkpravikov.cz\/en\/wp-json\/wp\/v2\/pages\/4509\/revisions\/4785"}],"wp:attachment":[{"href":"http:\/\/parkpravikov.cz\/en\/wp-json\/wp\/v2\/media?parent=4509"}],"curies":[{"name":"wp","href":"https:\/\/api.w.org\/{rel}","templated":true}]}}